{"id":2955,"date":"2023-01-12T17:32:23","date_gmt":"2023-01-12T16:32:23","guid":{"rendered":"https:\/\/gaudeixsantanyi.com\/?page_id=2955"},"modified":"2023-01-12T17:33:36","modified_gmt":"2023-01-12T16:33:36","slug":"aviso-legal","status":"publish","type":"page","link":"https:\/\/gaudeixsantanyi.com\/es\/aviso-legal\/","title":{"rendered":"Aviso legal"},"content":{"rendered":"<div class=\"fusion-fullwidth fullwidth-box fusion-builder-row-1 fusion-flex-container has-pattern-background has-mask-background nonhundred-percent-fullwidth non-hundred-percent-height-scrolling\" style=\"background-color: rgba(255,255,255,0);background-position: center center;background-repeat: no-repeat;border-width: 0px 0px 0px 0px;border-color:#eae9e9;border-style:solid;\" ><div class=\"fusion-builder-row fusion-row fusion-flex-align-items-flex-start\" style=\"max-width:1144px;margin-left: calc(-4% \/ 2 );margin-right: calc(-4% \/ 2 );\"><div class=\"fusion-layout-column fusion_builder_column fusion-builder-column-0 fusion_builder_column_1_1 1_1 fusion-flex-column\"><div class=\"fusion-column-wrapper fusion-flex-justify-content-flex-start fusion-content-layout-column\" style=\"background-position:left top;background-repeat:no-repeat;-webkit-background-size:cover;-moz-background-size:cover;-o-background-size:cover;background-size:cover;padding: 0px 0px 0px 0px;\"><div class=\"fusion-text fusion-text-1\"><h1 class=\"titular-azul\" style=\"text-align: center;\">Aviso legal<\/h1>\n<h2><strong>TITULAR DE LA WEB<\/strong><\/h2>\n<p>La C\u00e1mara Oficial de Comercio, Industria, Servicios y Navegaci\u00f3n de Mallorca (en adelante CAMBRA), con CIF Q0773001C y domicilio C\/ Estudi general, 7 \u2013 07001 Palma, es titular del sitio web asociado al dominio www.cambramallorca.com (en adelante denominados WEB).<\/p>\n<p>El presente Aviso Legal regula el acceso y la utilizaci\u00f3n de la WEB, cuyo contenido tiene car\u00e1cter exclusivamente informativo.<\/p>\n<h2><strong>CONDICIONES DE USO DEL SITIO WEB<\/strong><\/h2>\n<h3>1. T\u00c9RMINOS Y CONDICIONES GENERALES<\/h3>\n<p>El acceso y navegaci\u00f3n de un usuario por la WEB implica el conocimiento y la aceptaci\u00f3n sin reservas de las disposiciones incluidas en este Aviso Legal, as\u00ed como el uso correcto de la WEB de conformidad con la legislaci\u00f3n aplicable, respondiendo de los perjuicios que pudiera ocasionar el incumplimiento de esta obligaci\u00f3n.<\/p>\n<p>Puedes contactar de forma directa y efectiva con nosotros en la direcci\u00f3n de correo electr\u00f3nico\u00a0<a href=\"mailto:info@cambramallorca.com\">info@cambramallorca.com<\/a><\/p>\n<h3>2. DERECHOS Y OBLIGACIONES DEL USUARIO<\/h3>\n<p>El acceso a, y navegaci\u00f3n por, la WEB es responsabilidad exclusiva de los usuarios.<\/p>\n<p>El usuario se compromete a utilizar los servicios y contenidos de la WEB de conformidad con la Ley y las presentes condiciones generales.<\/p>\n<p>CAMBRA no se har\u00e1 responsable en ning\u00fan caso del uso que los usuarios y\/o terceros pudieran hacer de la WEB o de sus contenidos, ni de los da\u00f1os y perjuicios que pudieran derivarse del mismo, tal y como se especifica en el apartado siguiente.<\/p>\n<p>En el caso de que cualquier usuario o un tercero considere que existen hechos o circunstancias que revelen el car\u00e1cter il\u00edcito de la utilizaci\u00f3n de cualquier contenido y\/o de la realizaci\u00f3n de cualquier actividad en las p\u00e1ginas web incluidas o accesibles a trav\u00e9s de la WEB lo notificar\u00e1 a CAMBRA identific\u00e1ndose debidamente, especificando las supuestas infracciones y declarando expresamente y bajo su responsabilidad que la informaci\u00f3n proporcionada en la notificaci\u00f3n es exacta.<\/p>\n<p>Los usuarios que se registren a los servicios a trav\u00e9s de la WEB manifiestan ser mayores de edad conforme a la legislaci\u00f3n espa\u00f1ola. En caso de menores, se requiere la autorizaci\u00f3n de los padres o tutores para poder disfrutar de los servicios; dicha autorizaci\u00f3n deber\u00e1 ser remitida a CAMBRA a trav\u00e9s del correo electr\u00f3nico\u00a0<a href=\"mailto:info@cambramallorca.com\">info@cambramallorca.com<\/a><\/p>\n<h3>3.\u00a0 EXCLUSI\u00d3N DE RESPONSABILIDADES<\/h3>\n<p>CAMBRA se compromete a realizar sus mejores esfuerzos para evitar cualquier error en los contenidos que pudieran aparecer en la WEB. En cualquier caso, CAMBRA estar\u00e1 exenta de cualquier responsabilidad derivada de eventuales errores en los contenidos que pudieran aparecer en la WEB, a excepci\u00f3n de aquellos extremos a los que obligue la Ley.<\/p>\n<p>CAMBRA se reserva el derecho exclusivo a actualizar, modificar o eliminar los contenidos de la WEB, as\u00ed como el derecho de limitar o impedir el acceso al mismo. CAMBRA podr\u00e1 ejercer tales derechos en cualquier momento y sin previo aviso.<\/p>\n<p>La prestaci\u00f3n de los servicios e informaci\u00f3n incluidos en la WEB tienen, en principio, una duraci\u00f3n indefinida. CAMBRA podr\u00e1 dar por terminada o suspender la prestaci\u00f3n del servicio y\/o cualquier otro elemento de la WEB en cualquier momento. Cuando ello sea razonablemente posible, se advertir\u00e1 a los usuarios previamente de la terminaci\u00f3n o suspensi\u00f3n de la prestaci\u00f3n de los servicios.<\/p>\n<p>CAMBRA no se responsabiliza en modo alguno de aquellos contenidos, actividades comerciales, productos y servicios incluidos que pudiesen visualizarse mediante enlaces electr\u00f3nicos de terceros (links), directa o indirectamente, a trav\u00e9s de la WEB. La presencia de links en la WEB, salvo manifestaci\u00f3n expresa en contrario, tiene una finalidad meramente informativa y en ning\u00fan caso supone sugerencia, invitaci\u00f3n o recomendaci\u00f3n sobre los mismos. Estos enlaces no representan ning\u00fan tipo de relaci\u00f3n entre CAMBRA y los particulares o empresas titulares de los sitios web a los que pueda accederse mediante estos enlaces. CAMBRA se reserva el derecho de retirar de modo unilateral y en cualquier momento los links que aparecen en la WEB.<\/p>\n<p>El establecimiento de un link o hiperenlace a la WEB desde otra web, no implica en ning\u00fan caso la existencia de relaciones entre CAMBRA y el propietario del sitio web en la que se establezca, ni la aceptaci\u00f3n y aprobaci\u00f3n por parte de la CAMBRA de sus contenidos o servicios. Asimismo no se realizar\u00e1n manifestaciones o indicaciones falsas, inexactas o incorrectas sobre la CAMBRA ni se incluir\u00e1n contenidos il\u00edcitos, contrarios a las buenas costumbres o al orden p\u00fablico.<\/p>\n<p>CAMBRA no garantiza ni se hace responsable de la licitud, fiabilidad, utilidad, veracidad, exactitud, exhaustividad y actualidad de los contenidos de terceros publicados en la WEB y en consecuencia no ser\u00e1 en ning\u00fan caso responsable de los da\u00f1os y perjuicios que de ellos pudieran derivarse.<\/p>\n<p>CAMBRA no asume ninguna responsabilidad ni garantiza que el acceso a la WEB sea ininterrumpido o est\u00e9 libre de error. CAMBRA tampoco asume ninguna responsabilidad ni garantiza que el contenido o software al que pueda accederse a trav\u00e9s de la WEB est\u00e9 libre de errores y no pueda causar da\u00f1os al equipo inform\u00e1tico desde el que acceda el usuario. En ning\u00fan caso CAMBRA ser\u00e1 responsable de las p\u00e9rdidas, da\u00f1os o perjuicios de cualquier tipo que surjan por el uso de, y la navegaci\u00f3n por, la WEB, incluyendo, sin limitaci\u00f3n, los da\u00f1os ocasionados a los sistemas inform\u00e1ticos o los provocados por la introducci\u00f3n de virus. En particular, CAMBRA no se hace responsable en modo alguno de las ca\u00eddas, interrupciones, falta o defecto de las telecomunicaciones que pudieran ocurrir en el transcurso de operaciones de naturaleza financiera ni de aquellos da\u00f1os y perjuicios que pudiesen generarse en tales casos.<\/p>\n<p>CAMBRA no se hace responsable de los da\u00f1os que pudiesen ocasionarse a los usuarios por un uso inadecuado de la WEB.<\/p>\n<h3>4. MODIFICACIONES DE LAS CONDICIONES<\/h3>\n<p>CAMBRA podr\u00e1 modificar y variar en cualquier momento el contenido total o parcial de las condiciones de uso disponibles y accesibles al pie de cada p\u00e1gina de la WEB. La navegaci\u00f3n por la WEB implica la aceptaci\u00f3n de las condiciones de uso y que la aceptaci\u00f3n es permanente, constante y ratificada y esta aceptaci\u00f3n se entender\u00e1 siempre referida a las condiciones de uso vigentes en cada momento.<\/p>\n<h3>5.\u00a0 DERECHOS DE PROPIEDAD INDUSTRIAL E INTELECTUAL<\/h3>\n<p>Los contenidos de la WEB est\u00e1n sujetos a derechos de propiedad industrial e intelectual titularidad de CAMBRA. El acceso a estos no otorga al usuario el derecho de alteraci\u00f3n, modificaci\u00f3n, explotaci\u00f3n o reproducci\u00f3n, distribuci\u00f3n, comunicaci\u00f3n p\u00fablica o cualquier otro derecho que corresponda a CAMBRA. El usuario se compromete a utilizar los contenidos y\/o elementos a los que acceda a trav\u00e9s de la WEB para su propio uso y necesidades, y a no realizar en ning\u00fan caso una explotaci\u00f3n comercial, directa o indirecta de los mismos.<\/p>\n<p>El dise\u00f1o del portal y sus c\u00f3digos fuente, as\u00ed como los logos, marcas y dem\u00e1s signos distintivos que aparecen en la WEB tambi\u00e9n pertenecen a CAMBRA y est\u00e1n protegidos por los correspondientes derechos de propiedad intelectual e industrial.<\/p>\n<h3>6.\u00a0 COMUNICACIONES<\/h3>\n<p>Cuando CAMBRA, a trav\u00e9s de sus formularios, recabe datos del usuario, es posible que se pregunte si se desea o no recibir comunicaciones.<\/p>\n<p>Los canales habilitados para que el usuario comunique a CAMBRA que ya no quiere seguir recibiendo comunicaciones son los siguientes:<\/p>\n<ul>\n<li>En el bolet\u00edn digital semanal hay una opci\u00f3n de \u00abdarse de baja\u00bb que le permitir\u00e1 dejar de recibirlo.<\/li>\n<li>Para las dem\u00e1s comunicaciones debe escribir un mail a\u00a0<a href=\"mailto:info@cambramallorca.com\">info@cambramallorca.com<\/a>\u00a0indicando que no quiere recibir m\u00e1s correos electr\u00f3nicos.<\/li>\n<\/ul>\n<p>El usuario debe tener en cuenta que CAMBRA conservar\u00e1 sus datos personales \u00fanicamente con el fin de indicar que no desea recibir m\u00e1s comunicaciones y para mantenerle informado de los servicios a los que a\u00fan est\u00e1 inscrito.<\/p>\n<h3>7.\u00a0 JURISDICCI\u00d3N Y LEY APLICABLE<\/h3>\n<p>En el supuesto de que surja cualquier conflicto o discrepancia en la interpretaci\u00f3n o aplicaci\u00f3n de las presentes Condiciones de uso, los Juzgados y Tribunales que, en su caso, conocer\u00e1n del asunto, ser\u00e1n los que disponga la normativa legal aplicable en materia de jurisdicci\u00f3n competente, en la que se atiende, trat\u00e1ndose de consumidores finales, al lugar del cumplimiento de la obligaci\u00f3n.<\/p>\n<p>Los presentes t\u00e9rminos de uso se regir\u00e1n por la legislaci\u00f3n espa\u00f1ola.<\/p>\n<h2><strong>CONDICIONES DE COMPRA<\/strong><\/h2>\n<p>Se detallan a continuaci\u00f3n las condiciones de contrataci\u00f3n que son aplicables a la compra de servicios a trav\u00e9s de la WEB.<\/p>\n<p>La aceptaci\u00f3n de las presentes condiciones implica que eres mayor de edad, con capacidad suficiente para contratar y que has le\u00eddo y comprendido cuanto se expone en las mismas.<\/p>\n<p>Los datos que nos proporciones al realizar una compra ser\u00e1n tratados conforme a lo establecido en nuestra\u00a0<a href=\"https:\/\/www.cambramallorca.com\/politica-privacidad\">Pol\u00edtica de Privacidad<\/a>, que tambi\u00e9n debes leer, y en caso de estar conforme, aceptar durante el registro, que es preceptivo para poder realizar una compra.<\/p>\n<p>En el presente documento se establecen los t\u00e9rminos y condiciones de la compraventa de los servicios ofertados contra el pago del precio publicado en la WEB.<\/p>\n<h3>1. PROCESO DE COMPRA<\/h3>\n<p>Para finalizar el pedido, debes registrarte como cliente, proporcionando los datos que se solicitan en el formulario: Correo electr\u00f3nico, nombre apellidos, fecha de nacimiento, direcci\u00f3n postal de entrega, tel\u00e9fono, etc.) siendo imprescindible completar aquellos campos que el sistema te indicar\u00e1 como necesarios para procesar el pedido si no los completas. Te recordamos que eres responsable de la veracidad, exactitud y correcci\u00f3n de los mismos.<\/p>\n<p>Antes de finalizar el registro, debes leer y, en caso de estar conforme, aceptar nuestra pol\u00edtica de privacidad mediante el marcado de la casilla correspondiente.<\/p>\n<p>El prop\u00f3sito de la cuenta cliente es evitar que tengas que introducir de nuevo todos tus datos en compras posteriores. Si deseas eliminar tu cuenta cliente, ponte en contacto con nosotros.<\/p>\n<p>Si detectaras alg\u00fan error en los datos que ha consignado en el formulario, podr\u00e1s y deber\u00e1s proceder a su correcci\u00f3n a trav\u00e9s de tu cuenta cliente, o poni\u00e9ndote en contacto con nosotros por tel\u00e9fono al 971 71 01 88 o por correo electr\u00f3nico en\u00a0<a href=\"mailto:info@cambramallorca.com\">info@cambramallorca.com<\/a><\/p>\n<p>Nos reservamos el derecho a verificar los datos personales suministrados y a adoptar las medidas que estimemos oportunas para garantizar el cumplimiento de las presentes condiciones.<\/p>\n<p>En caso de que dispongas de alg\u00fan c\u00f3digo promocional de descuento, podr\u00e1s hacer uso del mismo haci\u00e9ndolo constar en el campo correspondiente. Los cupones descuento no ser\u00e1n acumulables.<\/p>\n<p>Una vez le\u00eddas las condiciones de contrataci\u00f3n, si est\u00e1s conforme con las mismas, podr\u00e1s proceder a su aceptaci\u00f3n mediante el marcado de la casilla dispuesta al efecto y pulsar el bot\u00f3n correspondiente para realizar el pedido y pagar.<\/p>\n<p>Tras completar todo el proceso de forma satisfactoria, te confirmaremos la compra por correo electr\u00f3nico a la direcci\u00f3n que nos hayas facilitado, indic\u00e1ndote el detalle del pedido realizado, importe de la compra y todos los gastos aparejados a la misma, adjuntando una copia en PDF de las condiciones de compra que has aceptado.<\/p>\n<h3>2. FORMAS DE PAGO<\/h3>\n<p>Pago por transferencia bancaria: Una vez que hayas finalizado todo el proceso y confirmes el pedido, te remitiremos un correo electr\u00f3nico en el que te indicaremos el n\u00famero de cuenta donde realizar la transferencia bancaria. Si transcurridas 72 horas desde la confirmaci\u00f3n del pedido no se ha recibido el importe correspondiente al pedido realizado, el mismo se cancelar\u00e1 de forma autom\u00e1tica.<\/p>\n<p>Si deseas agilizar en lo necesario la comprobaci\u00f3n del pago realizado, puedes remitir una copia del justificante de la transferencia por correo electr\u00f3nico a la direcci\u00f3n indicado en el apartado anterior.<\/p>\n<h2><strong>CONTENIDOS AUDIOVISUALES<\/strong><\/h2>\n<p>La organizaci\u00f3n de actos, cursos, eventos, jornadas, etc. en CAMBRA implica la posibilidad de que sean tomados registros audiovisuales de los asistentes a los mismos. Con el fin de respetar su privacidad, los asistentes podr\u00e1n expresar -durante el proceso de inscripci\u00f3n- su deseo de que sus im\u00e1genes no sean registradas. Para tal fin, se asignar\u00e1 una zona en la sala para estos casos. En el supuesto de que, por el tama\u00f1o de la sala, no sea posible acotar una zona para tal fin, las im\u00e1genes podr\u00e1n ser tomadas desde la parte posterior del asistente para que \u00e9ste no pueda ser identificado.<\/p>\n<p>De autorizar dicha grabaci\u00f3n, el usuario dar\u00e1 tambi\u00e9n el consentimiento para la utilizaci\u00f3n y la explotaci\u00f3n a t\u00edtulo gratuito de las secuencias filmadas en v\u00eddeo, las fotograf\u00edas tomadas o las grabaciones de voz con toda la extensi\u00f3n legalmente permitida a nivel temporal y territorial.<\/p>\n<p>Dicho material audiovisual ser\u00e1 usado para promoci\u00f3n y difusi\u00f3n de los programas y actividades de CAMBRA a trav\u00e9s de las redes sociales de dicha instituci\u00f3n y otros medios de comunicaci\u00f3n de masas. Asimismo, dichos v\u00eddeos, fotograf\u00edas o grabaciones de voz podr\u00e1n ser editados con el fin de incluir los testimonios en distintos soportes audiovisuales para presentaciones en actos p\u00fablicos, siempre en nombre de CAMBRA.<\/p>\n<p>Se le informar\u00e1 acerca del uso de la grabaci\u00f3n en v\u00eddeo o fotograf\u00edas para cualquier otro fin diferente a los anteriormente citados.<\/p>\n<p>En el supuesto de cesi\u00f3n de derechos de imagen seg\u00fan lo previsto en el presente apartado, se le informar\u00e1 debidamente de la pol\u00edtica de tratamiento de datos personales de acuerdo con la normativa aplicable. En cualquier caso, podr\u00e1 ejercitar sus derechos de acceso, rectificaci\u00f3n, supresi\u00f3n, portabilidad, limitaci\u00f3n y oposici\u00f3n al tratamiento de datos mediante escrito dirigido a\u00a0<a href=\"mailto:info@cambramallorca.com\">info@cambramallorca.com<\/a>\u00a0debiendo, para ello, acompa\u00f1ar copia de cualquier documento oficial que permita acreditar su identidad.\u00a0<\/p>\n<\/div><\/div><style type=\"text\/css\">.fusion-body .fusion-builder-column-0{width:100% !important;margin-top : 0px;margin-bottom : 0px;}.fusion-builder-column-0 > .fusion-column-wrapper {padding-top : 0px !important;padding-right : 0px !important;margin-right : 1.92%;padding-bottom : 0px !important;padding-left : 0px !important;margin-left : 1.92%;}@media only screen and (max-width:1024px) {.fusion-body .fusion-builder-column-0{width:100% !important;order : 0;}.fusion-builder-column-0 > .fusion-column-wrapper {margin-right : 1.92%;margin-left : 1.92%;}}@media only screen and (max-width:640px) {.fusion-body .fusion-builder-column-0{width:100% !important;order : 0;}.fusion-builder-column-0 > .fusion-column-wrapper {margin-right : 1.92%;margin-left : 1.92%;}}<\/style><\/div><\/div><style type=\"text\/css\">.fusion-body .fusion-flex-container.fusion-builder-row-1{ padding-top : 0px;margin-top : 0px;padding-right : 0px;padding-bottom : 0px;margin-bottom : 0px;padding-left : 0px;}<\/style><\/div>\n","protected":false},"excerpt":{"rendered":"","protected":false},"author":1,"featured_media":0,"parent":0,"menu_order":0,"comment_status":"closed","ping_status":"closed","template":"","meta":{"_monsterinsights_skip_tracking":false,"_monsterinsights_sitenote_active":false,"_monsterinsights_sitenote_note":"","_monsterinsights_sitenote_category":0,"footnotes":""},"class_list":["post-2955","page","type-page","status-publish","hentry"],"yoast_head":"<!-- This site is optimized with the Yoast SEO plugin v27.4 - https:\/\/yoast.com\/product\/yoast-seo-wordpress\/ -->\n<title>Aviso legal - Bons santayi<\/title>\n<meta name=\"robots\" content=\"index, follow, max-snippet:-1, max-image-preview:large, max-video-preview:-1\" \/>\n<link rel=\"canonical\" href=\"https:\/\/gaudeixsantanyi.com\/es\/aviso-legal\/\" \/>\n<meta property=\"og:locale\" content=\"es_ES\" \/>\n<meta property=\"og:type\" content=\"article\" \/>\n<meta property=\"og:title\" content=\"Aviso legal - Bons santayi\" \/>\n<meta property=\"og:url\" content=\"https:\/\/gaudeixsantanyi.com\/es\/aviso-legal\/\" \/>\n<meta property=\"og:site_name\" content=\"Bons santayi\" \/>\n<meta property=\"article:modified_time\" content=\"2023-01-12T16:33:36+00:00\" \/>\n<meta name=\"twitter:card\" content=\"summary_large_image\" \/>\n<meta name=\"twitter:label1\" content=\"Tiempo de lectura\" \/>\n\t<meta name=\"twitter:data1\" content=\"15 minutos\" \/>\n<script type=\"application\/ld+json\" class=\"yoast-schema-graph\">{\"@context\":\"https:\\\/\\\/schema.org\",\"@graph\":[{\"@type\":\"WebPage\",\"@id\":\"https:\\\/\\\/gaudeixsantanyi.com\\\/es\\\/aviso-legal\\\/\",\"url\":\"https:\\\/\\\/gaudeixsantanyi.com\\\/es\\\/aviso-legal\\\/\",\"name\":\"Aviso legal - Bons santayi\",\"isPartOf\":{\"@id\":\"https:\\\/\\\/gaudeixsantanyi.com\\\/es\\\/#website\"},\"datePublished\":\"2023-01-12T16:32:23+00:00\",\"dateModified\":\"2023-01-12T16:33:36+00:00\",\"breadcrumb\":{\"@id\":\"https:\\\/\\\/gaudeixsantanyi.com\\\/es\\\/aviso-legal\\\/#breadcrumb\"},\"inLanguage\":\"es\",\"potentialAction\":[{\"@type\":\"ReadAction\",\"target\":[\"https:\\\/\\\/gaudeixsantanyi.com\\\/es\\\/aviso-legal\\\/\"]}]},{\"@type\":\"BreadcrumbList\",\"@id\":\"https:\\\/\\\/gaudeixsantanyi.com\\\/es\\\/aviso-legal\\\/#breadcrumb\",\"itemListElement\":[{\"@type\":\"ListItem\",\"position\":1,\"name\":\"Portada\",\"item\":\"https:\\\/\\\/gaudeixsantanyi.com\\\/es\\\/\"},{\"@type\":\"ListItem\",\"position\":2,\"name\":\"Aviso legal\"}]},{\"@type\":\"WebSite\",\"@id\":\"https:\\\/\\\/gaudeixsantanyi.com\\\/es\\\/#website\",\"url\":\"https:\\\/\\\/gaudeixsantanyi.com\\\/es\\\/\",\"name\":\"Bons Santany\u00ed\",\"description\":\"\",\"publisher\":{\"@id\":\"https:\\\/\\\/gaudeixsantanyi.com\\\/es\\\/#organization\"},\"potentialAction\":[{\"@type\":\"SearchAction\",\"target\":{\"@type\":\"EntryPoint\",\"urlTemplate\":\"https:\\\/\\\/gaudeixsantanyi.com\\\/es\\\/?s={search_term_string}\"},\"query-input\":{\"@type\":\"PropertyValueSpecification\",\"valueRequired\":true,\"valueName\":\"search_term_string\"}}],\"inLanguage\":\"es\"},{\"@type\":\"Organization\",\"@id\":\"https:\\\/\\\/gaudeixsantanyi.com\\\/es\\\/#organization\",\"name\":\"Bons Santany\u00ed\",\"url\":\"https:\\\/\\\/gaudeixsantanyi.com\\\/es\\\/\",\"logo\":{\"@type\":\"ImageObject\",\"inLanguage\":\"es\",\"@id\":\"https:\\\/\\\/gaudeixsantanyi.com\\\/es\\\/#\\\/schema\\\/logo\\\/image\\\/\",\"url\":\"https:\\\/\\\/gaudeixsantanyi.com\\\/wp-content\\\/uploads\\\/2023\\\/01\\\/logox2-1.png\",\"contentUrl\":\"https:\\\/\\\/gaudeixsantanyi.com\\\/wp-content\\\/uploads\\\/2023\\\/01\\\/logox2-1.png\",\"width\":424,\"height\":240,\"caption\":\"Bons Santany\u00ed\"},\"image\":{\"@id\":\"https:\\\/\\\/gaudeixsantanyi.com\\\/es\\\/#\\\/schema\\\/logo\\\/image\\\/\"}}]}<\/script>\n<!-- \/ Yoast SEO plugin. -->","yoast_head_json":{"title":"Aviso legal - Bons santayi","robots":{"index":"index","follow":"follow","max-snippet":"max-snippet:-1","max-image-preview":"max-image-preview:large","max-video-preview":"max-video-preview:-1"},"canonical":"https:\/\/gaudeixsantanyi.com\/es\/aviso-legal\/","og_locale":"es_ES","og_type":"article","og_title":"Aviso legal - Bons santayi","og_url":"https:\/\/gaudeixsantanyi.com\/es\/aviso-legal\/","og_site_name":"Bons santayi","article_modified_time":"2023-01-12T16:33:36+00:00","twitter_card":"summary_large_image","twitter_misc":{"Tiempo de lectura":"15 minutos"},"schema":{"@context":"https:\/\/schema.org","@graph":[{"@type":"WebPage","@id":"https:\/\/gaudeixsantanyi.com\/es\/aviso-legal\/","url":"https:\/\/gaudeixsantanyi.com\/es\/aviso-legal\/","name":"Aviso legal - Bons santayi","isPartOf":{"@id":"https:\/\/gaudeixsantanyi.com\/es\/#website"},"datePublished":"2023-01-12T16:32:23+00:00","dateModified":"2023-01-12T16:33:36+00:00","breadcrumb":{"@id":"https:\/\/gaudeixsantanyi.com\/es\/aviso-legal\/#breadcrumb"},"inLanguage":"es","potentialAction":[{"@type":"ReadAction","target":["https:\/\/gaudeixsantanyi.com\/es\/aviso-legal\/"]}]},{"@type":"BreadcrumbList","@id":"https:\/\/gaudeixsantanyi.com\/es\/aviso-legal\/#breadcrumb","itemListElement":[{"@type":"ListItem","position":1,"name":"Portada","item":"https:\/\/gaudeixsantanyi.com\/es\/"},{"@type":"ListItem","position":2,"name":"Aviso legal"}]},{"@type":"WebSite","@id":"https:\/\/gaudeixsantanyi.com\/es\/#website","url":"https:\/\/gaudeixsantanyi.com\/es\/","name":"Bons Santany\u00ed","description":"","publisher":{"@id":"https:\/\/gaudeixsantanyi.com\/es\/#organization"},"potentialAction":[{"@type":"SearchAction","target":{"@type":"EntryPoint","urlTemplate":"https:\/\/gaudeixsantanyi.com\/es\/?s={search_term_string}"},"query-input":{"@type":"PropertyValueSpecification","valueRequired":true,"valueName":"search_term_string"}}],"inLanguage":"es"},{"@type":"Organization","@id":"https:\/\/gaudeixsantanyi.com\/es\/#organization","name":"Bons Santany\u00ed","url":"https:\/\/gaudeixsantanyi.com\/es\/","logo":{"@type":"ImageObject","inLanguage":"es","@id":"https:\/\/gaudeixsantanyi.com\/es\/#\/schema\/logo\/image\/","url":"https:\/\/gaudeixsantanyi.com\/wp-content\/uploads\/2023\/01\/logox2-1.png","contentUrl":"https:\/\/gaudeixsantanyi.com\/wp-content\/uploads\/2023\/01\/logox2-1.png","width":424,"height":240,"caption":"Bons Santany\u00ed"},"image":{"@id":"https:\/\/gaudeixsantanyi.com\/es\/#\/schema\/logo\/image\/"}}]}},"_links":{"self":[{"href":"https:\/\/gaudeixsantanyi.com\/es\/wp-json\/wp\/v2\/pages\/2955","targetHints":{"allow":["GET"]}}],"collection":[{"href":"https:\/\/gaudeixsantanyi.com\/es\/wp-json\/wp\/v2\/pages"}],"about":[{"href":"https:\/\/gaudeixsantanyi.com\/es\/wp-json\/wp\/v2\/types\/page"}],"author":[{"embeddable":true,"href":"https:\/\/gaudeixsantanyi.com\/es\/wp-json\/wp\/v2\/users\/1"}],"replies":[{"embeddable":true,"href":"https:\/\/gaudeixsantanyi.com\/es\/wp-json\/wp\/v2\/comments?post=2955"}],"version-history":[{"count":3,"href":"https:\/\/gaudeixsantanyi.com\/es\/wp-json\/wp\/v2\/pages\/2955\/revisions"}],"predecessor-version":[{"id":2958,"href":"https:\/\/gaudeixsantanyi.com\/es\/wp-json\/wp\/v2\/pages\/2955\/revisions\/2958"}],"wp:attachment":[{"href":"https:\/\/gaudeixsantanyi.com\/es\/wp-json\/wp\/v2\/media?parent=2955"}],"curies":[{"name":"wp","href":"https:\/\/api.w.org\/{rel}","templated":true}]}}